{"id":17,"date":"2024-02-04T11:50:13","date_gmt":"2024-02-04T10:50:13","guid":{"rendered":"https:\/\/laboralexinsight.com\/?page_id=17"},"modified":"2026-03-06T20:26:59","modified_gmt":"2026-03-06T19:26:59","slug":"publicaciones","status":"publish","type":"page","link":"https:\/\/laboralexinsight.com\/index.php\/publicaciones\/","title":{"rendered":"Publicaciones"},"content":{"rendered":"\n<p>Bienvenidos a un recorrido por las p\u00e1ginas donde he plasmado a\u00f1os de investigaci\u00f3n, an\u00e1lisis y experiencia en el campo del derecho laboral. Como abogado especializado y apasionado por las complejidades de las relaciones laborales, he tenido el privilegio de contribuir al debate acad\u00e9mico y pr\u00e1ctico con varias monograf\u00edas acerca de la sucesi\u00f3n de empresa hasta la transmisi\u00f3n de la Industria 4.0 y la protecci\u00f3n de los alertadores o whistleblowers.<\/p>\n\n\n\n<div class=\"wp-block-columns is-layout-flex wp-container-core-columns-is-layout-9d6595d7 wp-block-columns-is-layout-flex\">\n<div class=\"wp-block-column is-vertically-aligned-center is-layout-flow wp-block-column-is-layout-flow\" style=\"flex-basis:50%\">\n<p><strong>Transmisi\u00f3n de la industria 4.0. An\u00e1lisis jur\u00eddico-laboral de la sucesi\u00f3n de empresa en industrias desmaterializadas<\/strong> (2023) es el reflejo de mi tesis doctoral, donde exploro c\u00f3mo el concepto de empresa se transforma en la era digital, afectando la instituci\u00f3n de la sucesi\u00f3n empresarial y sus criterios interpretativos. Este libro no solo profundiza en un tema de vanguardia sino que tambi\u00e9n aspira a ser un referente para quienes buscan comprender los retos legales de la cuarta revoluci\u00f3n industrial proyectados en la sucesi\u00f3n laboral de empresa del art\u00edculo 44 del Estatuto de los Trabajadores y de la Directiva 2001\/23 CE<\/p>\n\n\n\n<div class=\"wp-block-file\"><a id=\"wp-block-file--media-237bd28d-2ef2-409d-8b79-d0e3cd4f7ed3\" href=\"https:\/\/laboralexinsight.com\/wp-content\/uploads\/2024\/02\/20240124-Acto-en-FIDE-24-de-enero-24-Presentacion-FIDE-definitiva.pptx\">Presentaci\u00f3n FIDE<\/a><a href=\"https:\/\/laboralexinsight.com\/wp-content\/uploads\/2024\/02\/20240124-Acto-en-FIDE-24-de-enero-24-Presentacion-FIDE-definitiva.pptx\" class=\"wp-block-file__button wp-element-button\" download aria-describedby=\"wp-block-file--media-237bd28d-2ef2-409d-8b79-d0e3cd4f7ed3\">Descarga<\/a><\/div>\n\n\n\n<p><a href=\"https:\/\/www.casadellibro.com\/libro-transmision-de-la-industria-40-analisis-juridico-laboral-de-la-sucesion-de-empresa-en-industrias-desmaterializadas\/9788411639446\/14411384\" target=\"_blank\" rel=\"noopener\" title=\"\">Casa del Libro<\/a>              <a href=\"https:\/\/tienda.aranzadilaley.es\/p\/la-transmision-de-la-industria-40-analisis-juridico-laboral-de-la-suc-esion-de-empresa-en-industrias-desmaterializadas-1-ed\" target=\"_blank\" rel=\"noopener\" title=\"\">Aranzadi<\/a>               <a href=\"https:\/\/amzn.to\/3UsPSmi\" target=\"_blank\" rel=\"noopener\" title=\"\">Amazon: Versi\u00f3n Kindle<\/a><\/p>\n<\/div>\n\n\n\n<div class=\"wp-block-column is-layout-flow wp-block-column-is-layout-flow\" style=\"flex-basis:300px\">\n<figure class=\"wp-block-image size-large is-resized\"><a href=\"https:\/\/www.casadellibro.com\/libro-transmision-de-la-industria-40-analisis-juridico-laboral-de-la-sucesion-de-empresa-en-industrias-desmaterializadas\/9788411639446\/14411384\"><img decoding=\"async\" src=\"https:\/\/m.media-amazon.com\/images\/I\/71BTe5bRNrL._SL1500_.jpg\" alt=\"\" style=\"width:300px\"\/><\/a><\/figure>\n<\/div>\n<\/div>\n\n\n\n<div class=\"wp-block-columns is-layout-flex wp-container-core-columns-is-layout-9d6595d7 wp-block-columns-is-layout-flex\">\n<div class=\"wp-block-column is-layout-flow wp-block-column-is-layout-flow\" style=\"flex-basis:33.33%\"><div class=\"wp-block-image\">\n<figure class=\"aligncenter size-large is-resized\"><img decoding=\"async\" src=\"https:\/\/m.media-amazon.com\/images\/I\/71sTIR9vzjL._SL1500_.jpg\" alt=\"\" style=\"width:200px\"\/><\/figure>\n<\/div><\/div>\n\n\n\n<div class=\"wp-block-column is-vertically-aligned-center is-layout-flow wp-block-column-is-layout-flow\" style=\"flex-basis:50%\">\n<p><strong>La protecci\u00f3n del whistleblower<\/strong> (2020) coordinando y coescribiendo con colegas expertos de las \u00e1reas de penal, contencioso-administrativo y protecci\u00f3n de datos, en el que asum\u00ed la parte laboral, esta monograf\u00eda se adentra en el nuevo marco jur\u00eddico para la protecci\u00f3n de los denunciantes de irregularidades, un tema crucial en el \u00e1mbito de la \u00e9tica empresarial y la legalidad. Esta obra multidisciplinaria ofrece una visi\u00f3n integral sobre los desaf\u00edos y oportunidades que presenta la Directiva (UE) 2019\/1937.<\/p>\n\n\n\n<p><a href=\"https:\/\/amzn.to\/3w9XC2k\" target=\"_blank\" rel=\"noopener\" title=\"\">Amazon: Versi\u00f3n Kindle<\/a><\/p>\n<\/div>\n<\/div>\n\n\n\n<div class=\"wp-block-columns is-layout-flex wp-container-core-columns-is-layout-9d6595d7 wp-block-columns-is-layout-flex\">\n<div class=\"wp-block-column is-vertically-aligned-center is-layout-flow wp-block-column-is-layout-flow\" style=\"flex-basis:50%\">\n<p><strong>Remunicipalizaci\u00f3n de servicios, sucesiones de empresas y trabajadores indefinidos no fijos<\/strong>  (2017)  coordinado con el profesor Adri\u00e1n Todol\u00ed Signes, se centra en la reversi\u00f3n de los servicios p\u00fablicos a la gesti\u00f3n municipal, un tema de creciente importancia en la administraci\u00f3n p\u00fablica y el derecho laboral. Este libro destaca por su enfoque pr\u00e1ctico y su an\u00e1lisis de casos reales, proporcionando una gu\u00eda indispensable para entender las implicaciones laborales de las remunicipalizaciones.<\/p>\n\n\n\n<p><a href=\"https:\/\/www.casadellibro.com\/libro-remunicipalizacion-de-servicios-sucesiones-de-empresas-y-trabaja-dores-indefinidos-no-fijos\/9788491525516\/5957850\" target=\"_blank\" rel=\"noopener\" title=\"\">Casa del libro<\/a><\/p>\n<\/div>\n\n\n\n<div class=\"wp-block-column is-layout-flow wp-block-column-is-layout-flow\" style=\"flex-basis:33.33%\"><div class=\"wp-block-image\">\n<figure class=\"aligncenter size-large is-resized\"><img decoding=\"async\" src=\"https:\/\/imagessl6.casadellibro.com\/a\/l\/s7\/16\/9788491525516.webp\" alt=\"\" style=\"width:300px\"\/><\/figure>\n<\/div><\/div>\n<\/div>\n\n\n\n<div class=\"wp-block-columns is-layout-flex wp-container-core-columns-is-layout-9d6595d7 wp-block-columns-is-layout-flex\">\n<div class=\"wp-block-column is-layout-flow wp-block-column-is-layout-flow\" style=\"flex-basis:33.33%\">\n<figure class=\"wp-block-image size-large is-resized\"><img decoding=\"async\" src=\"https:\/\/imagessl1.casadellibro.com\/a\/l\/s7\/91\/9788490991091.webp\" alt=\"\" style=\"width:240px\"\/><\/figure>\n<\/div>\n\n\n\n<div class=\"wp-block-column is-vertically-aligned-center is-layout-flow wp-block-column-is-layout-flow\" style=\"flex-basis:50%\">\n<p>En <strong>La sucesi\u00f3n de empresa<\/strong> (2016) abordo la figura de la sucesi\u00f3n de empresas desde un enfoque pr\u00e1ctico, considerando las diversas variantes y su impacto en sectores espec\u00edficos. Esta obra es esencial para profesionales que buscan estrategias preventivas y reactivas frente a la sucesi\u00f3n empresarial, ya que se ofrece un an\u00e1lisis detallado y consejos fundamentados en la realidad jur\u00eddica y empresarial. <\/p>\n\n\n\n<p>Aunque la cuesti\u00f3n central es la laboral, coordin\u00e9 el libro para que abordase tambi\u00e9n las cuestiones en las que la sucesi\u00f3n de empresa impacta en la pr\u00e1ctica contencioso-administrativa, fiscal, procesal-civil-inmobiliaria y de protecci\u00f3n de datos.<\/p>\n\n\n\n<p><a href=\"https:\/\/www.casadellibro.com\/libro-la-sucesion-de-empresa\/9788490991091\/4088741\" target=\"_blank\" rel=\"noopener\" title=\"\">Casa del libro<\/a><\/p>\n<\/div>\n<\/div>\n\n\n\n<p class=\"has-text-align-center has-large-font-size\"><strong>Otras publicaciones<\/strong><\/p>\n\n\n\n<p id=\"p-rc_209a9a7f6f906734-65\"><a target=\"_blank\" rel=\"noreferrer noopener\" href=\"https:\/\/www.uria.com\/\">Adelantar a las tripulaciones en 15 minutos la hora de firma en el aeropuerto no es una modificaci\u00f3n sustancial<\/a> <sup><\/sup> David Mart\u00ednez Salda\u00f1a. Revista Espa\u00f1ola de Derecho del Trabajo, n.\u00ba 289, 2025 <sup><\/sup><\/p>\n\n\n\n<p id=\"p-rc_209a9a7f6f906734-66\"><a target=\"_blank\" rel=\"noreferrer noopener\" href=\"https:\/\/www.uria.com\/\">La (posible) nueva jornada de 37,5 horas a la semana, en c\u00f3mputo anual: retos y oportunidades<\/a> <sup><\/sup> David Mart\u00ednez Salda\u00f1a. Trabajo y Derecho, n.\u00ba 125, 2025 <sup><\/sup><\/p>\n\n\n\n<p id=\"p-rc_209a9a7f6f906734-67\">\u00bfLa transmisi\u00f3n de una App implica traspasar un negocio? Las empresas de base algor\u00edtmica (Reflexiones en torno a la doctrina Glovo y Amazon Flex) <sup><\/sup> David Mart\u00ednez Salda\u00f1a. Revista Espa\u00f1ola de Derecho del Trabajo, n.\u00ba 285, 2025 <sup><\/sup><\/p>\n\n\n\n<hr class=\"wp-block-separator has-alpha-channel-opacity\"\/>\n\n\n\n<h2 class=\"wp-block-heading\"><strong>Publicaciones 2024<\/strong><\/h2>\n\n\n\n<p id=\"p-rc_209a9a7f6f906734-68\"><strong>La autoridad independiente de protecci\u00f3n al informante, A.A.I. y su papel en el whistleblowing laboral: diez preguntas y respuestas.<\/strong> David Mart\u00ednez Salda\u00f1a. Revista Espa\u00f1ola de Derecho del Trabajo, n.\u00ba 281, 2024 <\/p>\n\n\n\n<p id=\"p-rc_209a9a7f6f906734-69\"><strong>Procedimiento testigo, acumulaci\u00f3n de pleitos y otras poderosas herramientas procesales en los pleitos de sucesi\u00f3n de empresa tras el Real Decreto-ley 6\/2023<\/strong>.  David Mart\u00ednez Salda\u00f1a. Trabajo y Derecho, n.\u00ba 119, 2024 <\/p>\n\n\n\n<p id=\"p-rc_209a9a7f6f906734-70\"><strong>La cuantificaci\u00f3n de los da\u00f1os y perjuicios materiales y morales en el incumplimiento de un precontrato de trabajo<\/strong>.  David Mart\u00ednez Salda\u00f1a. Revista Espa\u00f1ola de Derecho del Trabajo, n.\u00ba 278, 2024 <\/p>\n\n\n\n<p id=\"p-rc_209a9a7f6f906734-71\"><strong>El correo electr\u00f3nico tiene naturaleza jur\u00eddica de prueba documental y se puede invocar en suplicaci\u00f3n para revisar hechos probados. <\/strong> David Mart\u00ednez Salda\u00f1a. En 2024 Pr\u00e1ctica laboral para abogados. Los casos m\u00e1s relevantes en 2023 de los grandes despachos. Salvador del Rey Guanter (Coordinador). Las Rozas (Madrid): La Ley, 2024 <\/p>\n\n\n\n<p id=\"p-rc_209a9a7f6f906734-72\"><strong>Autos de solicitud de prueba desproporcionados y viabilidad de recurrirlos en reposici\u00f3n: el debido respeto a los secretos empresariales y al derecho a la protecci\u00f3n de datos<\/strong>.  David Mart\u00ednez Salda\u00f1a. Revista Espa\u00f1ola de Derecho del Trabajo, n.\u00ba 274, 2024<\/p>\n\n\n\n<p><strong>Sucesi\u00f3n de empresa en Notar\u00edas y transmisi\u00f3n de clientela (Destellos de las conclusiones del Abogado General que se perdieron en la STJUE de 16 de noviembre de 2023).<\/strong> En <em>El foro de Labos, <\/em>23 de enero de 2024. Disponible <em>online:<\/em> <a href=\"https:\/\/www.elforodelabos.es\/2024\/01\/sucesion-de-empresa-en-notarias-y-transmision-de-clientela-destellos-de-las-conclusiones-del-abogado-general-que-se-perdieron-en-la-stjue-de-16-de-noviembre-de-2023\/\" target=\"_blank\" rel=\"noopener\" title=\"\">Sucesi\u00f3n de empresa en Notar\u00edas y transmisi\u00f3n de clientela (Destellos de las conclusiones del Abogado General que se perdieron en la STJUE de 16 de noviembre de 2023) (elforodelabos.es)<\/a><\/p>\n\n\n\n<p><strong>\u00bfUn nuevo paso hacia la subrogaci\u00f3n proporcional de personas trabajadoras? (STS 15\/6\/23). <\/strong>En <em>Argumentos en Derecho Laboral<\/em>, 22 de enero de 2023. Disponible online: <a href=\"https:\/\/adriantodoli.com\/2024\/01\/22\/un-nuevo-paso-hacia-la-subrogacion-proporcional-de-personas-trabajadoras-sts-15-6-23\/\" target=\"_blank\" rel=\"noopener\" title=\"\">\u00bfUn nuevo paso hacia la subrogaci\u00f3n proporcional de personas trabajadoras? (STS 15\/6\/23) \u2013 Argumentos en Derecho Laboral (adriantodoli.com)<\/a><\/p>\n\n\n\n<p><strong>\u00bfOtro peque\u00f1o y sutil paso hacia la subrogaci\u00f3n proporcional? <\/strong>Actualidad Jur\u00eddica Aranzadi, n\u00ba 1002, 2023.<\/p>\n\n\n\n<p><strong>Exclusi\u00f3n de los \u201c<\/strong><em><strong>diamond bonus\u201d<\/strong><\/em><strong> en el c\u00f3mputo de la indemnizaci\u00f3n por despido improcedente. <\/strong>Nueva Revista Espa\u00f1ola de Derecho del Trabajo, n\u00ba 270, 2023.<\/p>\n\n\n\n<p><strong>La transmisi\u00f3n de la industria 4.0. An\u00e1lisis jur\u00eddico-laboral de la sucesi\u00f3n de empresa en industrias desmaterializadas. <\/strong>Cizur Menor (Navarra), Aranzadi, 2023.<\/p>\n\n\n\n<p><strong>\u00bfC\u00f3mo incide la evoluci\u00f3n de la noci\u00f3n de empresa como objeto de transmisi\u00f3n en el concepto de sucesi\u00f3n de empresa?<\/strong> Nueva Revista Espa\u00f1ola de Derecho del Trabajo n\u00ba 267, 2023.<\/p>\n\n\n\n<p><strong>Inexistencia de subrogaci\u00f3n convencional en el cambio de empresa adjudicataria del servicio de catering a\u00e9reo. (Sentencia de la Sala de lo Social del Tribunal Superior de Justicia de Catalu\u00f1a, de 21 de abril de 2021). <\/strong><em><strong>En<\/strong><\/em> <strong><em>2023 Anuario laboral para abogados. Los casos m\u00e1s relevantes en 2022 de los grandes despachos.<\/em><\/strong> Salvador del Rey Guanter (Coordinador). Las Rozas (Madrid): La Ley-Wolters Kluwer, 2023.<\/p>\n\n\n\n<p><strong>Renovaci\u00f3n de un permiso de trabajo denegada exclusivamente por la concurrencia de antecedentes policiales: c\u00f3mo lograr la estimaci\u00f3n de un recurso de alzada. <\/strong>Nueva Revista Espa\u00f1ola de Derecho del Trabajo, n\u00ba 263, 2022.<\/p>\n\n\n\n<p><strong>Extinci\u00f3n, por no superaci\u00f3n del per\u00edodo de prueba, del contrato de un piloto respecto del que se detecta un positivo en sustancias psicoactivas.<\/strong> David Mart\u00ednez Salda\u00f1a, Mar\u00eda Remedios Rodr\u00edguez Fern\u00e1ndez. Nueva Revista Espa\u00f1ola de Derecho del Trabajo, n\u00ba 259, 2022.<\/p>\n\n\n\n<p><strong>Digitaci\u00f3n y sucesi\u00f3n de empresa. <\/strong>Labos: Revista de Derecho del Trabajo y Protecci\u00f3n Social, n\u00ba 2, 2022.<\/p>\n\n\n\n<p><strong>Los ERTES RED en el sector de las agencias de viajes.<\/strong> Maria Baixauli Puig, David Mart\u00ednez Salda\u00f1a. Nueva Revista Espa\u00f1ola de Derecho del Trabajo, n\u00ba 256, 2022.<\/p>\n\n\n\n<p><strong>El anteproyecto de Ley reguladora del <\/strong><em><strong>whistleblowing<\/strong><\/em><strong> en Espa\u00f1a (valoraci\u00f3n de urgencia desde la perspectiva laboral)<\/strong>. Trabajo y Derecho, n\u00ba 90, 2022.<\/p>\n\n\n\n<p><strong>\u00bfC\u00f3mo conseguir el reconocimiento de una incapacidad permanente para un trabajador con la profesi\u00f3n de conductor-repartidor?<\/strong>. David Mart\u00ednez Salda\u00f1a, Andrea S\u00e1nchez Rojas. Nueva Revista Espa\u00f1ola de Derecho del Trabajo, n\u00ba 252, 2022.<\/p>\n\n\n\n<p><strong>Reversi\u00f3n de unidades productivas: las tres \u00faltimas sentencias dictadas en situaciones excepcionales por la sala cuarta.<\/strong> Nueva Revista Espa\u00f1ola de Derecho del Trabajo, n\u00ba 248, 2021.<\/p>\n\n\n\n<p><strong>Sucesi\u00f3n de empresa y trabajadores parcialmente adscritos a la unidad productiva: una cuesti\u00f3n que demanda soluciones.<\/strong> Trabajo y Derecho, n\u00ba 84, 2021.<\/p>\n\n\n\n<p><strong>Sucesi\u00f3n de empresa y trabajadores parcialmente adscritos a la unidad productiva: una cuesti\u00f3n que demanda soluciones (I). <\/strong>En <em>El Foro de Labos<\/em>, 15\/06\/2021, disponible <em>online: <\/em><a href=\"https:\/\/www.elforodelabos.es\/2021\/06\/sucesion-de-empresa-y-trabajadores-parcialmente-adscritos-a-la-unidad-productiva-una-cuestion-que-demanda-soluciones-i\/\" target=\"_blank\" rel=\"noopener\" title=\"\">Sucesi\u00f3n de empresa y trabajadores parcialmente adscritos a la unidad productiva: una cuesti\u00f3n que demanda soluciones (I) (elforodelabos.es)<\/a><\/p>\n\n\n\n<p><strong>Sucesi\u00f3n de empresa y trabajadores parcialmente adscritos a la unidad productiva (y ii): las dificultades de prueba de la adscripci\u00f3n.<\/strong> En <em>El Foro de Labos,<\/em> 15\/06\/2021, disponible <em>online: <\/em><a href=\"https:\/\/www.elforodelabos.es\/2021\/06\/sucesion-de-empresa-y-trabajadores-parcialmente-adscritos-a-la-unidad-productiva-ii-las-dificultades-de-prueba-de-la-adscripcion\/\">Sucesi\u00f3n de empresa y trabajadores parcialmente adscritos a la unidad productiva (II): las dificultades de prueba de la adscripci\u00f3n (elforodelabos.es)<\/a><\/p>\n\n\n\n<p><strong>El proceso laboral.<\/strong> In\u00e9s Mart\u00ednez Arteta, David Mart\u00ednez Salda\u00f1a, \u00c1lvaro Navarro Cu\u00e9llar, Ariadna Teruel Cruzado, Nerea Torrontegui Ayo. Nueva Revista Espa\u00f1ola de Derecho del Trabajo, n\u00ba 241, 2021.<\/p>\n\n\n\n<p><strong>Despido procedente por ineptitud sobrevenida en tiempos de COVID: un caso pr\u00e1ctico. <\/strong>En Trabajo y Derecho, n\u00ba 76, 2021.<\/p>\n\n\n\n<p><strong>La protecci\u00f3n del <\/strong><em><strong>whistleblower <\/strong><\/em><strong>tras la Directiva (UE) 2019\/1937. An\u00e1lisis del nuevo marco jur\u00eddico desde la perspectiva del Derecho laboral, p\u00fablico, penal y de protecci\u00f3n de datos.<\/strong> David Mart\u00ednez Salda\u00f1a (coordinador). Javier Abril Mart\u00ednez, David Mart\u00ednez Salda\u00f1a, Enrique Rodr\u00edguez Celada, Laia Itziar Reyes Rico. Tirant lo Blanch, 2020.<\/p>\n\n\n\n<p><strong>Sucesi\u00f3n de empresas en el concurso y l\u00edmites a la responsabilidad de la empresa cesionaria en materia de pensiones (Breve comentario a la STJUE de 9 de septiembre de 2020, asunto TMD Friction). <\/strong>En <em>El foro de Labos<\/em>, 6\/10\/2020, disponible <em>online: <\/em><a href=\"https:\/\/www.elforodelabos.es\/2020\/10\/sucesion-de-empresas-en-concurso-y-limites-a-la-responsabilidad-de-la-empresa-cesionaria-en-materia-de-pensiones-breve-comentario-a-la-stjue-de-9-de-septiembre-de-2020-asunto-tmd-friction\/\" target=\"_blank\" rel=\"noopener\" title=\"\">Sucesi\u00f3n de empresas en concurso y l\u00edmites a la responsabilidad de la empresa cesionaria en materia de pensiones (Breve comentario a la STJUE de 9 de septiembre de 2020, asunto TMD Friction) (elforodelabos.es)<\/a><\/p>\n\n\n\n<p><strong>Fundaciones Laborales. \u00bfEs competente la jurisdicci\u00f3n social para conocer de la demanda que una entidad formativa homologada interpone contra una fundaci\u00f3n laboral al haberle revocado la acreditaci\u00f3n? <\/strong>Nueva Revista Espa\u00f1ola del Derecho del Trabajo, n\u00ba 234, 2020.<\/p>\n\n\n\n<p><strong>Op-Ed: Transfer of Insolvent Undertakings and Restriction on Transferee\u2019s Pension Obligations. <\/strong>En The EU Law Live Blog, 14\/09\/2020.<\/p>\n\n\n\n<p><strong>El Tribunal Constitucional otorga el amparo a un \u201cproto-whistleblower\u201d (la STC 146\/2019, de 25 de noviembre, como contrapunto a la STC 126\/2003, de 30 de junio)<\/strong>. <a href=\"https:\/\/www.uria.com\/es\/abogados\/DMS\">David Mart\u00ednez Salda\u00f1a<\/a>.&nbsp; En <em>El Foro de Labos<\/em>, 21\/01\/2020, disponible <em>online: <\/em><a href=\"https:\/\/www.elforodelabos.es\/2020\/01\/el-tribunal-constitucional-otorga-el-amparo-a-un-proto-whistleblower-la-stc-146-2019-de-25-de-noviembre-como-contrapunto-a-la-stc-126-2003-de-30-de-junio-2\/\" target=\"_blank\" rel=\"noopener\" title=\"\">El Tribunal Constitucional otorga el amparo a un \u201cproto-whistleblower\u201d (la STC 146\/2019, de 25 de noviembre, como contrapunto a la STC 126\/2003, de 30 de junio) (elforodelabos.es)<\/a><\/p>\n\n\n\n<p><strong>La protecci\u00f3n del <\/strong><em><strong>whistleblower <\/strong><\/em><strong>tras la Directiva (UE) 2019\/1937. An\u00e1lisis del nuevo marco jur\u00eddico desde la perspectiva del Derecho laboral, p\u00fablico, penal y protecci\u00f3n de datos.<\/strong> Actualidad Jur\u00eddica Ur\u00eda Men\u00e9ndez, n\u00ba 53. 2019.<\/p>\n\n\n\n<p><strong>Despido disciplinario por bajo rendimiento declarado judicialmente como procedente (Sentencia de la sala de lo social del Tribunal Superior de Justicia de Madrid de 4 de abril de 2017)<\/strong>. Nueva Revista Espa\u00f1ola de Derecho del Trabajo, n.\u00ba 226, 2019.<\/p>\n\n\n\n<p><strong>Cambio de adjudicataria de un <\/strong><em><strong>implant.<\/strong><\/em><strong> (Comentario a la STSJ de Asturias de 25 de abril de 2019 y alusi\u00f3n a la STJUE de 8 de mayo de 2019, asunto DODIC)<\/strong>. Nueva Revista Espa\u00f1ola de Derecho del Trabajo, n.\u00ba 223, 2019.<\/p>\n\n\n\n<p><strong>\u00bfC\u00f3mo impugnar un convenio colectivo sectorial estatal en caso de falta de legitimaci\u00f3n de las patronales firmantes?<\/strong> Pablo de la Morena Corrales,&nbsp; Marta Dom\u00ednguez Royo,&nbsp; David Mart\u00ednez Salda\u00f1a.&nbsp; Nueva Revista Espa\u00f1ola de Derecho del Trabajo, n.\u00ba 219, 2019.<\/p>\n\n\n\n<p><strong>La Sentencia del Tribunal Constitucional 122\/2018 de 31 de octubre: \u00bfventana de oportunidad en las remunicipalizaciones?<\/strong> Ra\u00fal Arribas Arranz,&nbsp; David Mart\u00ednez Salda\u00f1a.&nbsp; En Legal Today, 29\/04\/2019.<\/p>\n\n\n\n<p><strong>Reversi\u00f3n e internalizaci\u00f3n de contratas en el sector p\u00fablico: \u00bfventana de oportunidad tras la Sentencia del Tribunal Constitucional 122\/2018 de 31 de octubre?<\/strong> Ra\u00fal Arribas Arranz,&nbsp; David Mart\u00ednez Salda\u00f1a.&nbsp; Revista Aranzadi Doctrinal, n.\u00ba 5, 2019.<\/p>\n\n\n\n<p><strong>La protecci\u00f3n del <\/strong><em><strong>whistleblower<\/strong><\/em><strong> y el <\/strong><em><strong>compliance<\/strong><\/em><strong> laboral<\/strong>. David Mart\u00ednez Salda\u00f1a,&nbsp; Ignacio Moreno Lucenilla.&nbsp; Revista de Informaci\u00f3n Laboral, n.\u00ba 12, 2018.<\/p>\n\n\n\n<p><strong>Derechos de conciliaci\u00f3n de la vida personal, familiar y laboral: reducci\u00f3n de jornada y concreci\u00f3n horaria vs necesidades empresariales<\/strong>. David Mart\u00ednez Salda\u00f1a,&nbsp; Ignacio Moreno Lucenilla. Revista de Informaci\u00f3n Laboral, n.\u00ba 9, 2018.<\/p>\n\n\n\n<p><strong>Trabajando por la inclusi\u00f3n social<\/strong>. David Mart\u00ednez Salda\u00f1a. En <strong><em>La exclusi\u00f3n social: estudio comparado desde la perspectiva jur\u00eddica laboral y constitucional.<\/em><\/strong> Raquel Quintanilla Navarro (Director), \u00d3scar Ignacio Mateos y de Cabo (Coordinador).Madrid: Dykinson, 2018.<\/p>\n\n\n\n<p><strong>Cuando la sucesi\u00f3n convencional activa la sucesi\u00f3n de plantillas: comentario de urgencia a la STJUE de 11 de julio de 2018 -asunto Somoza-<\/strong>. David Mart\u00ednez Salda\u00f1a.&nbsp; Legal Today, 18\/07\/2018.<\/p>\n\n\n\n<p><strong>Cl\u00e1usulas sociales, subrogaci\u00f3n por pliegos y otras cuestiones laborales en la nueva Ley 9\/2017, de 8 de noviembre, de Contratos del Sector P\u00fablico<\/strong>. Xavier Codina Garc\u00eda-Andrade,&nbsp; David Mart\u00ednez Salda\u00f1a.&nbsp; Nueva Revista Espa\u00f1ola de Derecho del Trabajo, n.\u00ba 209, 2018.<\/p>\n\n\n\n<p><strong>Cuestiones procesales. Posposici\u00f3n de un viaje a un gu\u00eda tur\u00edstico: despido verbal o t\u00e1cito vs. inexistencia de despido y falta de acci\u00f3n<\/strong>. Sandra Cort\u00e9s Mart\u00edn,&nbsp; David Mart\u00ednez Salda\u00f1a.&nbsp; Revista de Informaci\u00f3n Laboral, n.\u00ba 12, 2017.<\/p>\n\n\n\n<p><strong>La decisiva influencia del Derecho comunitario en la sucesi\u00f3n de empresas: la Directiva 2001\/23\/CE y la jurisprudencia del Tribunal de Justicia de la Uni\u00f3n Europea<\/strong>. David Mart\u00ednez Salda\u00f1a. En <strong><em>Remunicipalizaci\u00f3n de servicios, sucesi\u00f3n de empresa y trabajadores indefinidos no fijos.<\/em><\/strong> Adri\u00e1n Todol\u00ed Signes (Director), David Mart\u00ednez Salda\u00f1a(Coordinador). Cizur Menor (Navarra): Aranzadi, 2017.<\/p>\n\n\n\n<p><strong>La reversi\u00f3n en favor de sociedades de econom\u00eda mixta: \u00bflos trabajadores subrogados por este tipo de sociedades tras producirse una sucesi\u00f3n de empresa tienen la consideraci\u00f3n de indefinidos o de indefinidos no fijos?<\/strong> Marta Dom\u00ednguez Royo, David Mart\u00ednez Salda\u00f1a. En <strong><em>Remunicipalizaci\u00f3n de servicios, sucesi\u00f3n de empresa y trabajadores indefinidos no fijos.<\/em><\/strong> Adri\u00e1n Todol\u00ed Signes (Director), David Mart\u00ednez Salda\u00f1a (Coordinador). Cizur Menor (Navarra): Aranzadi, 2017.<\/p>\n\n\n\n<p><strong>La remunicipalizaci\u00f3n en el sector de la restauraci\u00f3n<\/strong>. David Mart\u00ednez Salda\u00f1a. En <strong><em>Remunicipalizaci\u00f3n de servicios, sucesi\u00f3n de empresa y trabajadores indefinidos no fijos.<\/em><\/strong> Adri\u00e1n Todol\u00ed Signes (Director), David Mart\u00ednez Salda\u00f1a (Coordinador). Cizur Menor (Navarra): Aranzadi, 2017.<\/p>\n\n\n\n<p><strong>La remunicipalizaci\u00f3n en el sector del mantenimiento de parques y jardines, edificios y alumbrado p\u00fablico<\/strong>. David Mart\u00ednez Salda\u00f1a. En <strong><em>Remunicipalizaci\u00f3n de servicios, sucesi\u00f3n de empresa y trabajadores indefinidos no fijos.<\/em><\/strong> Adri\u00e1n Todol\u00ed Signes (Director), David Mart\u00ednez Salda\u00f1a(Coordinador). Cizur Menor (Navarra): Aranzadi, 2017.<\/p>\n\n\n\n<p><strong>La remunicipalizaci\u00f3n en sectores varios<\/strong>. David Mart\u00ednez Salda\u00f1a. En <strong><em>Remunicipalizaci\u00f3n de servicios, sucesi\u00f3n de empresa y trabajadores indefinidos no fijos.<\/em><\/strong> Adri\u00e1n Todol\u00ed Signes (Director), David Mart\u00ednez Salda\u00f1a(Coordinador). Cizur Menor (Navarra): Aranzadi, 2017.<\/p>\n\n\n\n<p><strong>La reversi\u00f3n de una contrata de mantenimiento de centros escolares: \u00bfexiste sucesi\u00f3n de empresa? \u00bfLos empleados deben integrarse como trabajadores indefinidos no fijos o como trabajadores fijos?<\/strong> David Mart\u00ednez Salda\u00f1a. En <strong><em>Remunicipalizaci\u00f3n de servicios, sucesi\u00f3n de empresa y trabajadores indefinidos no fijos.<\/em><\/strong> Adri\u00e1n Todol\u00ed Signes (Director), David Mart\u00ednez Salda\u00f1a(Coordinador). Cizur Menor (Navarra): Aranzadi, 2017.<\/p>\n\n\n\n<p><strong>\u00bfCu\u00e1ndo se produce una sucesi\u00f3n de empresas? Distintos or\u00edgenes y distintos alcances<\/strong>. David Mart\u00ednez Salda\u00f1a. En <strong><em>Remunicipalizaci\u00f3n de servicios, sucesi\u00f3n de empresa y trabajadores indefinidos no fijos.<\/em><\/strong> Adri\u00e1n Todol\u00ed Signes (Director), David Mart\u00ednez Salda\u00f1a(Coordinador). Cizur Menor (Navarra): Aranzadi, 2017.<\/p>\n\n\n\n<p><strong>Criterios jurisprudenciales generales para determinar la existencia de una sucesi\u00f3n de empresas y \u00faltimos pronunciamientos de la Sala de lo Social del Tribunal Supremo<\/strong>. David Mart\u00ednez Salda\u00f1a. En <strong><em>Remunicipalizaci\u00f3n de servicios, sucesi\u00f3n de empresa y trabajadores indefinidos no fijos.<\/em><\/strong> Adri\u00e1n Todol\u00ed Signes (Director), David Mart\u00ednez Salda\u00f1a(Coordinador). Cizur Menor (Navarra): Aranzadi, 2017.<\/p>\n\n\n\n<p><strong>Especificidades de la figura de la sucesi\u00f3n de empresas en el marco de las remunicipalizaciones<\/strong>. David Mart\u00ednez Salda\u00f1a. En <strong><em>Remunicipalizaci\u00f3n de servicios, sucesi\u00f3n de empresa y trabajadores indefinidos no fijos.<\/em><\/strong> Adri\u00e1n Todol\u00ed Signes (Director), David Mart\u00ednez Salda\u00f1a(Coordinador). Cizur Menor (Navarra): Aranzadi, 2017.<\/p>\n\n\n\n<p><strong>Consecuencias jur\u00eddicas derivadas de la existencia de sucesi\u00f3n de empresa<\/strong>. David Mart\u00ednez Salda\u00f1a. En <strong><em>Remunicipalizaci\u00f3n de servicios, sucesi\u00f3n de empresa y trabajadores indefinidos no fijos.<\/em><\/strong> Adri\u00e1n Todol\u00ed Signes (Director), David Mart\u00ednez Salda\u00f1a (Coordinador). Cizur Menor (Navarra): Aranzadi, 2017.<\/p>\n\n\n\n<p><strong>El riesgo de sucesi\u00f3n de empresa (y otros riesgos asociados) a la finalizaci\u00f3n del contrato de gesti\u00f3n de un centro comercial<\/strong>. Revista de Informaci\u00f3n Laboral, n.\u00ba 3, 2017.<\/p>\n\n\n\n<p><strong>\u00bfLos trabajadores subrogados por una sociedad de econom\u00eda mixta tras producirse una sucesi\u00f3n de empresas por reversi\u00f3n tienen la consideraci\u00f3n de indefinidos o indefinidos no fijos?<\/strong> Marta Dom\u00ednguez Royo,&nbsp; David Mart\u00ednez Salda\u00f1a. Revista de Informaci\u00f3n Laboral, n.\u00ba 12, 2016.<\/p>\n\n\n\n<p><strong>El convenio colectivo sectorial estatal de intervenci\u00f3n social: situaci\u00f3n del sector tras la Sentencia de la Sala de lo Social de la Audiencia Nacional de 17 de mayo de 2016<\/strong>.&nbsp;En <em>Anuario de Derecho de Fundaciones 2015<\/em>.<\/p>\n\n\n\n<p><strong>Acciones del 50 ET en caso de sucesi\u00f3n de empresa en el concurso: \u00bfcu\u00e1ndo resulta aplicable la congelaci\u00f3n de acciones del 64.10 LC?<\/strong> David Mart\u00ednez Salda\u00f1a.&nbsp; Legal Today, 21\/10\/2016.<\/p>\n\n\n\n<p><strong>La decisiva influencia del Derecho comunitario en la sucesi\u00f3n de empresas: la Directiva 2001\/23\/CE y la jurisprudencia del Tribunal de Justicia de la Uni\u00f3n Europea<\/strong>. David Mart\u00ednez Salda\u00f1a. En <strong><em>La sucesi\u00f3n de empresa.<\/em><\/strong> David Mart\u00ednez Salda\u00f1a(Coordinador). Cizur Menor (Navarra): Lex Nova-Thomson Reuters, 2016.<\/p>\n\n\n\n<p><strong>\u00bfCu\u00e1ndo se produce una sucesi\u00f3n de empresas? Distintos or\u00edgenes y distintos alcances<\/strong>. David Mart\u00ednez Salda\u00f1a. En <strong><em>La sucesi\u00f3n de empresa.<\/em><\/strong> David Mart\u00ednez Salda\u00f1a(Coordinador). Cizur Menor (Navarra): Lex Nova-Thomson Reuters, 2016.<\/p>\n\n\n\n<p><strong>Criterios jurisprudenciales generales para determinar la existencia de una sucesi\u00f3n de empresas y \u00faltimos pronunciamientos de la Sala de lo Social del Tribunal Supremo<\/strong>. David Mart\u00ednez Salda\u00f1a. En <strong><em>La sucesi\u00f3n de empresa.<\/em><\/strong> David Mart\u00ednez Salda\u00f1a (Coordinador). Cizur Menor (Navarra): Lex Nova-Thomson Reuters, 2016.<\/p>\n\n\n\n<p><strong>Sucesi\u00f3n de empresas en el \u00e1mbito del Derecho privado<\/strong>. David Mart\u00ednez Salda\u00f1a. En <strong><em>La sucesi\u00f3n de empresa.<\/em><\/strong> David Mart\u00ednez Salda\u00f1a(Coordinador). Cizur Menor (Navarra): Lex Nova-Thomson Reuters, 2016.<\/p>\n\n\n\n<p><strong>La sucesi\u00f3n de empresas desde el punto de vista del Derecho concursal<\/strong>. David Mart\u00ednez Salda\u00f1a. En <strong><em>La sucesi\u00f3n de empresa.<\/em><\/strong> David Mart\u00ednez Salda\u00f1a(Coordinador). Cizur Menor (Navarra): Lex Nova-Thomson Reuters, 2016.<\/p>\n\n\n\n<p><strong>Preguntas y respuestas sobre la sucesi\u00f3n de empresas<\/strong>. Leticia L\u00f3pez-Lapuente, M\u00aa Jes\u00fas Madrigal Esteban, David Mart\u00ednez Salda\u00f1a, Antonio Jos\u00e9 Moya Fern\u00e1ndez, Nieves S\u00e1nchez Gil. En <strong><em>La sucesi\u00f3n de empresa.<\/em><\/strong> David Mart\u00ednez Salda\u00f1a(Coordinador). Cizur Menor (Navarra): Lex Nova-Thomson Reuters, 2016.<\/p>\n\n\n\n<p><strong>Casos pr\u00e1cticos en materia de sucesi\u00f3n de empresas<\/strong>. David Mart\u00ednez Salda\u00f1a. En <strong><em>La sucesi\u00f3n de empresa.<\/em><\/strong> David Mart\u00ednez Salda\u00f1a (Coordinador). Cizur Menor (Navarra): Lex Nova-Thomson Reuters, 2016.<\/p>\n\n\n\n<p><strong>Sucesi\u00f3n de empresas desde el punto de vista de la contrataci\u00f3n p\u00fablica<\/strong>. M\u00aa Jes\u00fas Madrigal Esteban, David Mart\u00ednez Salda\u00f1a. En <strong><em>La sucesi\u00f3n de empresa.<\/em><\/strong> David Mart\u00ednez Salda\u00f1a(Coordinador). Cizur Menor (Navarra): Lex Nova-Thomson Reuters, 2016.<\/p>\n\n\n\n<p><strong>Experiencias pr\u00e1cticas en materia de sucesi\u00f3n de empresas en sectores concretos<\/strong>. David Mart\u00ednez Salda\u00f1a. En <strong><em>La sucesi\u00f3n de empresa.<\/em><\/strong> David Mart\u00ednez Salda\u00f1a(Coordinador). Cizur Menor (Navarra): Lex Nova-Thomson Reuters, 2016.<\/p>\n\n\n\n<p><strong>Consecuencias jur\u00eddicas derivadas de la existencia de sucesi\u00f3n de empresas<\/strong>. David Mart\u00ednez Salda\u00f1a. En <strong><em>La sucesi\u00f3n de empresa.<\/em><\/strong> David Mart\u00ednez Salda\u00f1a (Coordinador). Cizur Menor (Navarra): Lex Nova-Thomson Reuters, 2016.<\/p>\n\n\n\n<p><strong>La sucesi\u00f3n de empresas y la modificaci\u00f3n de condiciones<\/strong>. David Mart\u00ednez Salda\u00f1a. En <strong><em>La sucesi\u00f3n de empresa.<\/em><\/strong> David Mart\u00ednez Salda\u00f1a<em> (<\/em>Coordinador). Cizur Menor (Navarra): Lex Nova-Thomson Reuters, 2016.<\/p>\n\n\n\n<p><strong>La sucesi\u00f3n de empresas y los despidos colectivos<\/strong>. David Mart\u00ednez Salda\u00f1a. En <strong><em>La sucesi\u00f3n de empresa.<\/em><\/strong> David Mart\u00ednez Salda\u00f1a (Coordinador). Cizur Menor (Navarra): Lex Nova-Thomson Reuters, 2016.<\/p>\n\n\n\n<p><strong>La sucesi\u00f3n de empresas en el proceso laboral<\/strong>. David Mart\u00ednez Salda\u00f1a. En <strong><em>La sucesi\u00f3n de empresa.<\/em><\/strong> David Mart\u00ednez Salda\u00f1a(Coordinador). Cizur Menor (Navarra): Lex Nova-Thomson Reuters, 2016.<\/p>\n\n\n\n<p><strong>La sucesi\u00f3n de empresa<\/strong>. David Mart\u00ednez Salda\u00f1a&nbsp;(Coordinador).&nbsp; Cizur Menor (Navarra): Lex Nova-Thomson Reuters, 2016.<\/p>\n\n\n\n<p><strong>La reversi\u00f3n de una contrata de mantenimiento de centros escolares, que es asumida por una sociedad mercantil de capital p\u00fablico: \u00bfexiste sucesi\u00f3n de empresas? \u00bfLos empleados deben integrarse como trabajadores indefinidos no fijos o como trabajadores fijos?<\/strong> David Mart\u00ednez Salda\u00f1a.&nbsp; Revista de Informaci\u00f3n Laboral, n.\u00ba 6, 2016.<\/p>\n\n\n\n<p><strong>La actividad formativa en los contratos para la formaci\u00f3n y el aprendizaje tras el Real Decreto-Ley 4\/2015, de 22 marzo<\/strong>. Marta Dom\u00ednguez Royo,&nbsp; David Mart\u00ednez Salda\u00f1a. Nueva Revista Espa\u00f1ola de Derecho del Trabajo, n.\u00ba 178, 2016.<\/p>\n\n\n\n<p><strong>Caso pr\u00e1ctico sobre un juicio en el que se discute la existencia de una sucesi\u00f3n de empresas en el sector de la telefon\u00eda m\u00f3vil<\/strong>. David Mart\u00ednez Salda\u00f1a. En <strong><em>Anuario laboral 2015. Doctrina cient\u00edfica, casos pr\u00e1cticos y doctrina administrativa.<\/em><\/strong> Cizur Menor (Navarra): Aranzadi, 2015.<\/p>\n\n\n\n<p><strong>Caso pr\u00e1ctico sobre descuelgues de convenio colectivo y otras alternativas para mitigar el sobrecoste derivado de la cotizaci\u00f3n del comedor de empresas<\/strong>. David Mart\u00ednez Salda\u00f1a, Jorge Serena Garralda. En <strong><em>Anuario laboral 2015. Doctrina cient\u00edfica, casos pr\u00e1cticos y doctrina administrativa.<\/em><\/strong> Cizur Menor (Navarra): Aranzadi, 2015.<\/p>\n\n\n\n<p><strong>Sucesi\u00f3n de empresas y despido colectivo como consecuencia de la reversi\u00f3n de los servicios de operaciones y mantenimiento en una planta el\u00e9ctrica<\/strong>. David Mart\u00ednez Salda\u00f1a. Revista de Informaci\u00f3n Laboral, n.\u00ba 9, 2015.<\/p>\n\n\n\n<p><strong>Caso pr\u00e1ctico sobre descuelgues del convenio colectivo y otras alternativas para mitigar el sobrecoste derivado de la cotizaci\u00f3n del comedor de empresas<\/strong>. David Mart\u00ednez Salda\u00f1a,&nbsp;Jorge Serena Garralda. Revista de Informaci\u00f3n Laboral, n.\u00ba 12, 2014.<\/p>\n\n\n\n<p><strong>Caso pr\u00e1ctico sobre un juicio en el que se discute la existencia de una sucesi\u00f3n de empresas en el sector de la telefon\u00eda m\u00f3vil<\/strong>. David Mart\u00ednez Salda\u00f1a. Revista de Informaci\u00f3n Laboral, n.\u00ba 6, 2014.<\/p>\n\n\n\n<p><strong>Cuestiones cr\u00edticas en la contrata de obras o servicios. Los contratos llave en mano<\/strong>. David Mart\u00ednez Salda\u00f1a. Nueva Revista Espa\u00f1ola de Derecho del Trabajo, n.\u00ba 168, 2014.<\/p>\n\n\n\n<p><strong>Cambio de adjudicataria en el servicio de atenci\u00f3n telef\u00f3nica de un ayuntamiento: inexistencia de sucesi\u00f3n de empresa y de sucesi\u00f3n de plantillas y correcta aplicaci\u00f3n del art\u00edculo 18 del convenio colectivo del <\/strong><em><strong>Contact Center<\/strong><\/em><strong>. (Sentencias de la Sala de lo Social del Tribunal Superior de Justicia de Madrid de 5 de marzo de 2010, de 25 de marzo de 2010, de 15 de abril de 2010, de 19 de julio de 2010, y de 11 de octubre de 2010)<\/strong>. David Mart\u00ednez Salda\u00f1a. En<em> <\/em><strong><em>2011 Anuario laboral para abogados. Los casos m\u00e1s relevantes en 2010 de los grandes despachos.<\/em><\/strong><em> <\/em>Salvador del Rey Guanter (Coordinador). Las Rozas (Madrid): La Ley, 2011.<\/p>\n\n\n\n<p><strong>Finalizaci\u00f3n de la concesi\u00f3n administrativa y responsabilidad \u00fanica de la nueva cesionaria, respecto de las consecuencias del despido declarado improcedente. (Comentario a las Sentencias del Tribunal Supremo de 12 de julio y 19 de septiembre de 2007)<\/strong>. David Mart\u00ednez Salda\u00f1a,&nbsp; Guillermo Rujas. Deloitte News, octubre 2008.<\/p>\n\n\n\n<p><strong>Medidas de flexibilidad laboral en tiempos de crisis y cesi\u00f3n ilegal de trabajadores<\/strong>. David Mart\u00ednez Salda\u00f1a. Ciss News, n.\u00ba 23, 2008.<\/p>\n\n\n\n<p><strong>La sucesi\u00f3n de empresa del art\u00edculo 44 ET: principales similitudes y diferencias con el sistema alem\u00e1n<\/strong>. David Mart\u00ednez Salda\u00f1a.&nbsp; En INF Zeitschrift f\u00fcr den deutsch-spanischen Rechtsverkehr. Revista Jur\u00eddica Hispano-Alemana, n.\u00ba 1, 2008.<\/p>\n\n\n\n<p><strong>Sucesi\u00f3n de empresa y sucesi\u00f3n de plantillas<\/strong>. David Mart\u00ednez Salda\u00f1a. Ciss News, n.\u00ba 8, 2007.<\/p>\n\n\n\n<p><strong>Actualizaci\u00f3n e incremento de las sanciones laborales<\/strong>. David Mart\u00ednez Salda\u00f1a.&nbsp;Ciss News, n.\u00ba 6, 2007.<\/p>\n\n\n\n<p><strong>De la venta directa a la constituci\u00f3n de una filial en Alemania: implicaciones mercantiles, tributarias y laborales<\/strong>. David Mart\u00ednez Salda\u00f1a. <em>En <\/em><strong><em>Gu\u00eda para vender en Alemania.<\/em><\/strong><em> <\/em>Madrid, C\u00e1mara de Comercio Alemana en Espa\u00f1a, febrero 2005.<\/p>\n\n\n\n<p><strong>La sucesi\u00f3n de empresa en Espa\u00f1a: similitudes y diferencias con el sistema alem\u00e1n<\/strong>. David Mart\u00ednez Salda\u00f1a.&nbsp; L\u00e4nderanalyse Spanien, abril 2003.<\/p>\n","protected":false},"excerpt":{"rendered":"<p>Bienvenidos a un recorrido por las p\u00e1ginas donde he plasmado a\u00f1os de investigaci\u00f3n, an\u00e1lisis y experiencia en el campo del derecho laboral. Como abogado especializado y apasionado por las complejidades de las relaciones laborales, he tenido el privilegio de contribuir al debate acad\u00e9mico y pr\u00e1ctico con varias monograf\u00edas acerca de la sucesi\u00f3n de empresa hasta&hellip;<\/p>\n<p class=\"more-link\"><a href=\"https:\/\/laboralexinsight.com\/index.php\/publicaciones\/\" class=\"themebutton2\">Leer m\u00e1s<\/a><\/p>\n","protected":false},"author":1,"featured_media":0,"parent":0,"menu_order":0,"comment_status":"closed","ping_status":"closed","template":"","meta":{"om_disable_all_campaigns":false,"_monsterinsights_skip_tracking":false,"_monsterinsights_sitenote_active":false,"_monsterinsights_sitenote_note":"","_monsterinsights_sitenote_category":0,"footnotes":""},"class_list":["post-17","page","type-page","status-publish","hentry"],"aioseo_notices":[],"_links":{"self":[{"href":"https:\/\/laboralexinsight.com\/index.php\/wp-json\/wp\/v2\/pages\/17","targetHints":{"allow":["GET"]}}],"collection":[{"href":"https:\/\/laboralexinsight.com\/index.php\/wp-json\/wp\/v2\/pages"}],"about":[{"href":"https:\/\/laboralexinsight.com\/index.php\/wp-json\/wp\/v2\/types\/page"}],"author":[{"embeddable":true,"href":"https:\/\/laboralexinsight.com\/index.php\/wp-json\/wp\/v2\/users\/1"}],"replies":[{"embeddable":true,"href":"https:\/\/laboralexinsight.com\/index.php\/wp-json\/wp\/v2\/comments?post=17"}],"version-history":[{"count":17,"href":"https:\/\/laboralexinsight.com\/index.php\/wp-json\/wp\/v2\/pages\/17\/revisions"}],"predecessor-version":[{"id":582,"href":"https:\/\/laboralexinsight.com\/index.php\/wp-json\/wp\/v2\/pages\/17\/revisions\/582"}],"wp:attachment":[{"href":"https:\/\/laboralexinsight.com\/index.php\/wp-json\/wp\/v2\/media?parent=17"}],"curies":[{"name":"wp","href":"https:\/\/api.w.org\/{rel}","templated":true}]}}